{"id":3660,"date":"2022-10-20T13:27:45","date_gmt":"2022-10-20T12:27:45","guid":{"rendered":"https:\/\/youdig.fr\/wdp\/?page_id=3660"},"modified":"2022-11-10T11:16:27","modified_gmt":"2022-11-10T10:16:27","slug":"test","status":"publish","type":"page","link":"https:\/\/youdig.fr\/wdp\/","title":{"rendered":"Bienvenue au Youdig"},"content":{"rendered":"\n<figure class=\"wp-block-table\"><table><tbody><tr><td class=\"has-text-align-center\" data-align=\"center\"><strong>Monts d&rsquo;arr\u00e9e,<\/strong> <strong>g\u00eetes et chambres d&rsquo;h\u00f4te  auberge et kig ha farz, mus\u00e9e<\/strong>&#8230; <strong>venez vous d\u00e9payser!<\/strong><\/td><\/tr><\/tbody><\/table><\/figure>\n\n\n\n<div class=\"wp-block-media-text alignwide is-stacked-on-mobile\" style=\"grid-template-columns:56% auto\"><figure class=\"wp-block-media-text__media\"><a href=\"https:\/\/youdig.fr\/wdp\/gite-de-peche\/\"><img loading=\"lazy\" width=\"800\" height=\"531\" src=\"https:\/\/youdig.fr\/wdp\/wp-content\/uploads\/2016\/07\/gite_de_peche-1-Copier.jpg\" alt=\"lac brennilis\" class=\"wp-image-1089 size-full\" srcset=\"https:\/\/youdig.fr\/wdp\/wp-content\/uploads\/2016\/07\/gite_de_peche-1-Copier.jpg 800w, https:\/\/youdig.fr\/wdp\/wp-content\/uploads\/2016\/07\/gite_de_peche-1-Copier-300x199.jpg 300w, https:\/\/youdig.fr\/wdp\/wp-content\/uploads\/2016\/07\/gite_de_peche-1-Copier-768x510.jpg 768w\" sizes=\"(max-width: 800px) 100vw, 800px\" \/><\/a><\/figure><div class=\"wp-block-media-text__content\">\n<p><a href=\"https:\/\/youdig.fr\/wdp\/gite-de-peche\/\"><strong>La maison du lac<\/strong><\/a><br>Brennilis, un g\u00eete tout pr\u00e8s du lac<br><a href=\"https:\/\/youdig.fr\/wdp\/hebergements\/\"><em>voir tous les g\u00eetes et lofts<\/em><\/a> <\/p>\n<\/div><\/div>\n\n\n\n<p><\/p>\n\n\n\n<div class=\"wp-block-media-text alignwide is-stacked-on-mobile\" style=\"grid-template-columns:56% auto\"><figure class=\"wp-block-media-text__media\"><a href=\"https:\/\/youdig.fr\/wdp\/hebergements\/gites-de-caractere\/les-glycines\/\"><img loading=\"lazy\" width=\"1024\" height=\"683\" src=\"https:\/\/youdig.fr\/wdp\/wp-content\/uploads\/2022\/11\/LES-GLYCINES-25-1024x683.jpg\" alt=\"\" class=\"wp-image-5029 size-full\" srcset=\"https:\/\/youdig.fr\/wdp\/wp-content\/uploads\/2022\/11\/LES-GLYCINES-25-1024x683.jpg 1024w, https:\/\/youdig.fr\/wdp\/wp-content\/uploads\/2022\/11\/LES-GLYCINES-25-300x200.jpg 300w, https:\/\/youdig.fr\/wdp\/wp-content\/uploads\/2022\/11\/LES-GLYCINES-25-768x512.jpg 768w, https:\/\/youdig.fr\/wdp\/wp-content\/uploads\/2022\/11\/LES-GLYCINES-25.jpg 1200w\" sizes=\"(max-width: 1024px) 100vw, 1024px\" \/><\/a><\/figure><div class=\"wp-block-media-text__content\">\n<p><strong><a href=\"https:\/\/youdig.fr\/wdp\/hebergements\/gites-de-caractere\/les-glycines\/\">Le g\u00eete Les glycines<\/a><\/strong><br>La Feuill\u00e9e, une maison de qualit\u00e9<br>enti\u00e8rement r\u00e9nov\u00e9e et agrandie<\/p>\n<\/div><\/div>\n\n\n\n<p><\/p>\n\n\n\n<div class=\"wp-block-media-text alignwide is-stacked-on-mobile\" style=\"grid-template-columns:56% auto\"><figure class=\"wp-block-media-text__media\"><a href=\"https:\/\/youdig.fr\/wdp\/lauberge\/le-kig-ha-farz\/\"><img loading=\"lazy\" width=\"929\" height=\"622\" src=\"https:\/\/youdig.fr\/wdp\/wp-content\/uploads\/2016\/07\/kigfarz14.jpg\" alt=\"le kig ha farz\" class=\"wp-image-1025 size-full\" srcset=\"https:\/\/youdig.fr\/wdp\/wp-content\/uploads\/2016\/07\/kigfarz14.jpg 929w, https:\/\/youdig.fr\/wdp\/wp-content\/uploads\/2016\/07\/kigfarz14-300x201.jpg 300w, https:\/\/youdig.fr\/wdp\/wp-content\/uploads\/2016\/07\/kigfarz14-768x514.jpg 768w\" sizes=\"(max-width: 929px) 100vw, 929px\" \/><\/a><\/figure><div class=\"wp-block-media-text__content\">\n<p><strong><a href=\"https:\/\/youdig.fr\/wdp\/lauberge\/le-kig-ha-farz\/\">Le Kig ar farz du Youdig<\/a><\/strong> : INCONTOURNABLE!<\/p>\n\n\n\n<p>Nous sommes tr\u00e8s heureux de vous accueillir. Cependant le kig ha farz demande 5 heures de pr\u00e9paration. Vous comprendrez qu&rsquo;<strong>il est fortement conseill\u00e9 de r\u00e9server<\/strong>!<\/p>\n<\/div><\/div>\n\n\n\n<p><\/p>\n\n\n\n<div class=\"wp-block-media-text alignwide is-stacked-on-mobile\" style=\"grid-template-columns:56% auto\"><figure class=\"wp-block-media-text__media\"><a href=\"https:\/\/youdig.fr\/wdp\/museeboutique\/le-musee\/\"><img loading=\"lazy\" width=\"694\" height=\"465\" src=\"https:\/\/youdig.fr\/wdp\/wp-content\/uploads\/2016\/07\/musee_10.jpg\" alt=\"musee du youdig\" class=\"wp-image-1138 size-full\" srcset=\"https:\/\/youdig.fr\/wdp\/wp-content\/uploads\/2016\/07\/musee_10.jpg 694w, https:\/\/youdig.fr\/wdp\/wp-content\/uploads\/2016\/07\/musee_10-300x201.jpg 300w\" sizes=\"(max-width: 694px) 100vw, 694px\" \/><\/a><\/figure><div class=\"wp-block-media-text__content\">\n<p><strong><a href=\"https:\/\/youdig.fr\/wdp\/museeboutique\/le-musee\/\">L&rsquo;\u00e9tonnant mus\u00e9e<\/a><\/strong><br>de Annick LE LANN<\/p>\n<\/div><\/div>\n\n\n\n<p><\/p>\n\n\n\n<div class=\"wp-block-media-text alignwide is-stacked-on-mobile\" style=\"grid-template-columns:56% auto\"><figure class=\"wp-block-media-text__media\"><a href=\"https:\/\/youdig.fr\/wdp\/stages\/\"><img loading=\"lazy\" width=\"694\" height=\"465\" src=\"https:\/\/youdig.fr\/wdp\/wp-content\/uploads\/2022\/10\/pendule3.jpg\" alt=\"\" class=\"wp-image-4809 size-full\" srcset=\"https:\/\/youdig.fr\/wdp\/wp-content\/uploads\/2022\/10\/pendule3.jpg 694w, https:\/\/youdig.fr\/wdp\/wp-content\/uploads\/2022\/10\/pendule3-300x201.jpg 300w\" sizes=\"(max-width: 694px) 100vw, 694px\" \/><\/a><\/figure><div class=\"wp-block-media-text__content\">\n<p><strong><a href=\"https:\/\/youdig.fr\/wdp\/animations\/les-stages\/\">Les stages<\/a><\/strong><br><em>radiesth\u00e9sie, architecture sacr\u00e9e, g\u00e9obiologie<\/em><\/p>\n<\/div><\/div>\n\n\n\n<p><strong>Une grande salle \u00e9quip\u00e9e et ind\u00e9pendante<\/strong><\/p>\n\n\n\n<ul><li>Ap\u00e9ritifs de mariages, r\u00e9unions familiales, amicales et associations<\/li><li>R\u00e9unions professionnelles, s\u00e9minaires<\/li><li>Wifi, sono et projecteur vid\u00e9o<\/li><li>Forfait possible avec h\u00e9bergement et repas<\/li><\/ul>\n\n\n\n<p><\/p>\n\n\n\n<p><em>Les labels : G\u00eetes de France*, Rando-Accueil*, Comit\u00e9 du Tourisme*, Loisirs en Finist\u00e8re*, H\u00e9bergement P\u00eache*, F\u00e9d\u00e9 P\u00eache 29<\/em>* <em>(* marques d\u00e9pos\u00e9es)<\/em><\/p>\n\n\n\n<p>Renseignements \u00e0 l&rsquo;auberge   <strong>0298996236<\/strong><\/p>\n","protected":false},"excerpt":{"rendered":"<p>Monts d&rsquo;arr\u00e9e, g\u00eetes et chambres d&rsquo;h\u00f4te auberge et kig ha farz, mus\u00e9e&#8230; venez vous d\u00e9payser! La maison du lacBrennilis, un g\u00eete tout pr\u00e8s du lacvoir tous les g\u00eetes et lofts Le g\u00eete Les glycinesLa Feuill\u00e9e, une maison de qualit\u00e9enti\u00e8rement r\u00e9nov\u00e9e et agrandie Le Kig ar farz du Youdig : INCONTOURNABLE! Nous sommes tr\u00e8s heureux de vous accueillir. Cependant le kig<\/p>\n","protected":false},"author":1,"featured_media":0,"parent":0,"menu_order":0,"comment_status":"closed","ping_status":"closed","template":"","meta":[],"_links":{"self":[{"href":"https:\/\/youdig.fr\/wdp\/wp-json\/wp\/v2\/pages\/3660"}],"collection":[{"href":"https:\/\/youdig.fr\/wdp\/wp-json\/wp\/v2\/pages"}],"about":[{"href":"https:\/\/youdig.fr\/wdp\/wp-json\/wp\/v2\/types\/page"}],"author":[{"embeddable":true,"href":"https:\/\/youdig.fr\/wdp\/wp-json\/wp\/v2\/users\/1"}],"replies":[{"embeddable":true,"href":"https:\/\/youdig.fr\/wdp\/wp-json\/wp\/v2\/comments?post=3660"}],"version-history":[{"count":130,"href":"https:\/\/youdig.fr\/wdp\/wp-json\/wp\/v2\/pages\/3660\/revisions"}],"predecessor-version":[{"id":5063,"href":"https:\/\/youdig.fr\/wdp\/wp-json\/wp\/v2\/pages\/3660\/revisions\/5063"}],"wp:attachment":[{"href":"https:\/\/youdig.fr\/wdp\/wp-json\/wp\/v2\/media?parent=3660"}],"curies":[{"name":"wp","href":"https:\/\/api.w.org\/{rel}","templated":true}]}}